{"id":3,"date":"2019-11-28T20:39:10","date_gmt":"2019-11-28T20:39:10","guid":{"rendered":"http:\/\/chefmartino.se\/?page_id=3"},"modified":"2020-04-07T19:35:50","modified_gmt":"2020-04-07T19:35:50","slug":"privacy-policy","status":"publish","type":"page","link":"https:\/\/chefmartino.se\/sv\/privacy-policy\/","title":{"rendered":"Privacy Policy"},"content":{"rendered":"<figure class=\"wp-block-image size-large\"><img fetchpriority=\"high\" decoding=\"async\" width=\"1024\" height=\"420\" src=\"https:\/\/https:\/\/chefmartino.se\/wp-content\/uploads\/2020\/02\/logga-header-Chef-martino-store-blue-black-15cm-1-1024x420.png\" alt=\"\" class=\"wp-image-5264\" srcset=\"https:\/\/chefmartino.se\/wp-content\/uploads\/2020\/02\/logga-header-Chef-martino-store-blue-black-15cm-1-1024x420.png 1024w, https:\/\/chefmartino.se\/wp-content\/uploads\/2020\/02\/logga-header-Chef-martino-store-blue-black-15cm-1-500x205.png 500w, https:\/\/chefmartino.se\/wp-content\/uploads\/2020\/02\/logga-header-Chef-martino-store-blue-black-15cm-1-300x123.png 300w, https:\/\/chefmartino.se\/wp-content\/uploads\/2020\/02\/logga-header-Chef-martino-store-blue-black-15cm-1-768x315.png 768w, https:\/\/chefmartino.se\/wp-content\/uploads\/2020\/02\/logga-header-Chef-martino-store-blue-black-15cm-1-1536x630.png 1536w, https:\/\/chefmartino.se\/wp-content\/uploads\/2020\/02\/logga-header-Chef-martino-store-blue-black-15cm-1-2048x839.png 2048w\" sizes=\"(max-width: 1024px) 100vw, 1024px\" \/><figcaption>Logo Store Chef Martino<\/figcaption><\/figure>\n\n\n\n<h2 class=\"wp-block-heading\">Chef Martino Privacy Policy <\/h2>\n\n\n\n<p>Our website address is: http:\/\/https:\/\/chefmartino.se.<\/p>\n\n\n\n<h2 class=\"wp-block-heading\">Vilka personuppgifter vi samlar in och varf\u00f6r vi samlar in dem till Chef Martino<\/h2>\n\n\n\n<h3 class=\"wp-block-heading\">Comments<\/h3>\n\n\n\n<p>N\u00e4r bes\u00f6kare l\u00e4mnar kommentarer p\u00e5 webbplatsen samlar vi in de data som visas i kommentarformul\u00e4ret och \u00e4ven bes\u00f6karens IP-adress och webbl\u00e4sarens anv\u00e4ndaragentstr\u00e4ng f\u00f6r att hj\u00e4lpa till att uppt\u00e4cka skr\u00e4ppost.<\/p>\n\n\n\n<p>En anonymiserad str\u00e4ng som skapats fr\u00e5n din e-postadress (\u00e4ven kallad hash) kan tillhandah\u00e5llas till Gravatar-tj\u00e4nsten f\u00f6r att se om du anv\u00e4nder den. Sekretesspolicyn f\u00f6r Gravatar-tj\u00e4nsten finns h\u00e4r: https:\/\/automattic.com\/privacy\/. Efter godk\u00e4nnande av din kommentar \u00e4r din profilbild synlig f\u00f6r allm\u00e4nheten i samband med din kommentar.<\/p>\n\n\n\n<h3 class=\"wp-block-heading\">Media<\/h3>\n\n\n\n<p>Om du laddar upp bilder till webbplatsen b\u00f6r du undvika att ladda upp bilder med inb\u00e4ddad platsinformation (EXIF GPS) inkluderad. Bes\u00f6kare p\u00e5 webbplatsen kan ladda ner och extrahera platsinformation fr\u00e5n bilder p\u00e5 webbplatsen.<\/p>\n\n\n\n<h3 class=\"wp-block-heading\">Kontakt forms<\/h3>\n\n\n\n<h3 class=\"wp-block-heading\">Cookies<\/h3>\n\n\n\n<p>Om du l\u00e4mnar en kommentar p\u00e5 v\u00e5r webbplats kan du v\u00e4lja att spara ditt namn, e-postadress och webbplats i cookies. Dessa \u00e4r f\u00f6r din bekv\u00e4mlighet s\u00e5 att du inte beh\u00f6ver fylla i dina uppgifter igen n\u00e4r du l\u00e4mnar en annan kommentar. Dessa cookies h\u00e5ller i ett \u00e5r.<\/p>\n\n\n\n<p>Om du bes\u00f6ker v\u00e5r inloggningssida st\u00e4ller vi in en tillf\u00e4llig cookie f\u00f6r att avg\u00f6ra om din webbl\u00e4sare accepterar cookies. Denna cookie inneh\u00e5ller inga personuppgifter och kasseras n\u00e4r du st\u00e4nger din webbl\u00e4sare.<\/p>\n\n\n\n<p>N\u00e4r du loggar in kommer vi ocks\u00e5 att st\u00e4lla in flera cookies f\u00f6r att spara din inloggningsinformation och dina sk\u00e4rmvisningsalternativ. Inloggningscookies varar i tv\u00e5 dagar och cookies f\u00f6r sk\u00e4rmalternativ varar i ett \u00e5r. Om du v\u00e4ljer \u201cKom ih\u00e5g mig\u201d forts\u00e4tter din inloggning i tv\u00e5 veckor. Om du loggar ut fr\u00e5n ditt konto tas inloggningskakorna bort.<\/p>\n\n\n\n<p>Om du redigerar eller publicerar en artikel kommer en ytterligare cookie att sparas i din webbl\u00e4sare. Denna cookie inneh\u00e5ller inga personuppgifter och anger bara post-ID f\u00f6r artikeln du just redigerat. Det l\u00f6per ut efter en dag.<\/p>\n\n\n\n<h3 class=\"wp-block-heading\">Inb\u00e4ddat inneh\u00e5ll fr\u00e5n andra webbplatser<\/h3>\n\n\n\n<p>Artiklar p\u00e5 denna webbplats kan inneh\u00e5lla inb\u00e4ddat inneh\u00e5ll (t.ex. videor, bilder, artiklar, etc.). Inb\u00e4ddat inneh\u00e5ll fr\u00e5n andra webbplatser beter sig p\u00e5 exakt samma s\u00e4tt som om bes\u00f6karen har bes\u00f6kt den andra webbplatsen.<\/p>\n\n\n\n<p>Dessa webbplatser kan samla in data om dig, anv\u00e4nda cookies, b\u00e4dda in ytterligare sp\u00e5rning fr\u00e5n tredje part och \u00f6vervaka din interaktion med det inb\u00e4ddade inneh\u00e5llet, inklusive sp\u00e5ra din interaktion med det inb\u00e4ddade inneh\u00e5llet om du har ett konto och \u00e4r inloggad p\u00e5 den webbplatsen.<\/p>\n\n\n\n<h3 class=\"wp-block-heading\">Analytics<\/h3>\n\n\n\n<h2 class=\"wp-block-heading\">vem vi delar dina uppgifter med<\/h2>\n\n\n\n<h2 class=\"wp-block-heading\">Hur l\u00e4nge vi beh\u00e5ller dina uppgifter<\/h2>\n\n\n\n<p>Om du l\u00e4mnar en kommentar beh\u00e5lls kommentaren och dess metadata p\u00e5 obest\u00e4md tid. Detta \u00e4r s\u00e5 att vi kan k\u00e4nna igen och godk\u00e4nna alla uppf\u00f6ljningskommentarer automatiskt ist\u00e4llet f\u00f6r att h\u00e5lla dem i en modereringsk\u00f6.<\/p>\n\n\n\n<p>F\u00f6r anv\u00e4ndare som registrerar sig p\u00e5 v\u00e5r webbplats (om n\u00e5gon) lagrar vi ocks\u00e5 den personliga informationen de tillhandah\u00e5ller i sin anv\u00e4ndarprofil. Alla anv\u00e4ndare kan n\u00e4r som helst se, redigera eller radera sin personliga information (f\u00f6rutom att de inte kan \u00e4ndra sitt anv\u00e4ndarnamn). Webbplatsadministrat\u00f6rer kan ocks\u00e5 se och redigera den informationen.<\/p>\n\n\n\n<h2 class=\"wp-block-heading\">Vilka r\u00e4ttigheter du har \u00f6ver dina uppgifter<\/h2>\n\n\n\n<p>Om du har ett konto p\u00e5 den h\u00e4r webbplatsen eller har l\u00e4mnat kommentarer kan du beg\u00e4ra att f\u00e5 en exporterad fil med de personuppgifter som vi har om dig, inklusive all information du har gett oss. Du kan ocks\u00e5 beg\u00e4ra att vi raderar alla personuppgifter som vi har om dig. Detta inkluderar inte n\u00e5gra uppgifter som vi \u00e4r skyldiga att f\u00f6rvara f\u00f6r administrativa, juridiska eller s\u00e4kerhets\u00e4ndam\u00e5l.<\/p>","protected":false},"excerpt":{"rendered":"<p>Chef Martino Privacy Policy Our website address is: http:\/\/https:\/\/chefmartino.se. What personal data we collect and why we collect it Comments When visitors leave comments on the site we collect the data shown in the comments form, and also the visitor\u2019s IP address and browser user agent string to help spam detection. An anonymized string created [&hellip;]<\/p>\n","protected":false},"author":1,"featured_media":0,"parent":0,"menu_order":0,"comment_status":"closed","ping_status":"open","template":"","meta":{"content-type":"","_monsterinsights_skip_tracking":false,"_monsterinsights_sitenote_active":false,"_monsterinsights_sitenote_note":"","_monsterinsights_sitenote_category":0,"footnotes":""},"class_list":["post-3","page","type-page","status-publish","hentry"],"_links":{"self":[{"href":"https:\/\/chefmartino.se\/sv\/wp-json\/wp\/v2\/pages\/3","targetHints":{"allow":["GET"]}}],"collection":[{"href":"https:\/\/chefmartino.se\/sv\/wp-json\/wp\/v2\/pages"}],"about":[{"href":"https:\/\/chefmartino.se\/sv\/wp-json\/wp\/v2\/types\/page"}],"author":[{"embeddable":true,"href":"https:\/\/chefmartino.se\/sv\/wp-json\/wp\/v2\/users\/1"}],"replies":[{"embeddable":true,"href":"https:\/\/chefmartino.se\/sv\/wp-json\/wp\/v2\/comments?post=3"}],"version-history":[{"count":0,"href":"https:\/\/chefmartino.se\/sv\/wp-json\/wp\/v2\/pages\/3\/revisions"}],"wp:attachment":[{"href":"https:\/\/chefmartino.se\/sv\/wp-json\/wp\/v2\/media?parent=3"}],"curies":[{"name":"wp","href":"https:\/\/api.w.org\/{rel}","templated":true}]}}